{"id":3610,"date":"2026-03-11T10:03:30","date_gmt":"2026-03-11T16:03:30","guid":{"rendered":"https:\/\/www.cedim.edu.mx\/?post_type=evento&#038;p=3610"},"modified":"2026-03-11T10:03:30","modified_gmt":"2026-03-11T16:03:30","slug":"historias-detras-de-la-direccion-de-arte","status":"publish","type":"evento","link":"https:\/\/www.cedim.edu.mx\/en\/evento\/historias-detras-de-la-direccion-de-arte\/","title":{"rendered":"Historias detr\u00e1s de la direcci\u00f3n de arte"},"content":{"rendered":"<p>Nos visita la World-Class Educator de Animaci\u00f3n Carolyn Ram\u00edrez, quien compartir\u00e1 su experiencia dentro de la industria de la animaci\u00f3n.<br>Directora de arte en Cartoon Network, Carolyn ha desarrollado su carrera en Los \u00c1ngeles como directora de arte, supervisora de color, dise\u00f1adora y background painter. Durante esta charla nos hablar\u00e1 sobre su trayectoria, as\u00ed como de los retos y logros que ha encontrado a lo largo de su carrera.<\/p>\n\n\n\n<p>\ud83d\udcc5 17 de marzo<br>\ud83d\udd5a 11:20 a.m.<br>\ud83d\udccd \u00a9CEDIM \u00c1rea Lounge<\/p>\n\n\n\n<p>Una oportunidad para conocer de cerca el recorrido profesional detr\u00e1s de la industria de la animaci\u00f3n.<\/p>","protected":false},"excerpt":{"rendered":"<p>Nos visita la World-Class Educator de Animaci\u00f3n Carolyn Ram\u00edrez, quien compartir\u00e1 su experiencia dentro de la industria de la animaci\u00f3n.Directora de arte en Cartoon Network, Carolyn ha desarrollado su carrera en Los \u00c1ngeles como directora de arte, supervisora de color, dise\u00f1adora y background painter. Durante esta charla nos hablar\u00e1 sobre su trayectoria, as\u00ed como de [&hellip;]<\/p>\n","protected":false},"author":6,"featured_media":0,"menu_order":0,"template":"","meta":{"inline_featured_image":false},"categories":[10],"tags":[4],"class_list":["post-3610","evento","type-evento","status-publish","hentry","category-ani","tag-conferencia"],"acf":[],"_links":{"self":[{"href":"https:\/\/www.cedim.edu.mx\/en\/wp-json\/wp\/v2\/evento\/3610","targetHints":{"allow":["GET"]}}],"collection":[{"href":"https:\/\/www.cedim.edu.mx\/en\/wp-json\/wp\/v2\/evento"}],"about":[{"href":"https:\/\/www.cedim.edu.mx\/en\/wp-json\/wp\/v2\/types\/evento"}],"author":[{"embeddable":true,"href":"https:\/\/www.cedim.edu.mx\/en\/wp-json\/wp\/v2\/users\/6"}],"wp:attachment":[{"href":"https:\/\/www.cedim.edu.mx\/en\/wp-json\/wp\/v2\/media?parent=3610"}],"wp:term":[{"taxonomy":"category","embeddable":true,"href":"https:\/\/www.cedim.edu.mx\/en\/wp-json\/wp\/v2\/categories?post=3610"},{"taxonomy":"post_tag","embeddable":true,"href":"https:\/\/www.cedim.edu.mx\/en\/wp-json\/wp\/v2\/tags?post=3610"}],"curies":[{"name":"wp","href":"https:\/\/api.w.org\/{rel}","templated":true}]}}